{"id":165,"date":"2019-04-18T15:43:06","date_gmt":"2019-04-18T15:43:06","guid":{"rendered":"https:\/\/erhardt-stiefel.de\/wp\/?page_id=165"},"modified":"2026-02-20T19:15:02","modified_gmt":"2026-02-20T18:15:02","slug":"bildergalerie","status":"publish","type":"page","link":"https:\/\/erhardt-stiefel.de\/index.php\/mittwochsgruppe\/bildergalerie\/","title":{"rendered":"Bildergalerie"},"content":{"rendered":"<p>Copyright <u>\u00a9<\/u> 2019 by Eugen Hornickel und Erhardt Stiefel<\/p>\n<p><em>Die Bilder in dieser Galerie wurden (mit wenigen Ausnahmen) von Eugen Hornickel selbst fotografiert und d\u00fcrfen nur f\u00fcr Zwecke die im Zusammenhang mit der Mittwochsgruppe stehen und nur mit seiner Genehmigung verwendet werden. Die Bilder wurden mir f\u00fcr diese Publikation pers\u00f6nlich von ihm \u00fcbergeben. Sollte jemand von den dargestellten Personen Einspruch dagegen erheben wollen, dass er hier gesehen werden kann, m\u00f6ge er uns bitte unverz\u00fcglich und mit konkreten Hinweisen informieren.<\/em><\/p>\n<p><a href=\"#anfang\"><span style=\"color: #3366ff;\">Zur \u00dcbersicht<\/span><\/a><\/p>\n<p><strong>Hinweise<\/strong> zur <span style=\"color: #3366ff;\"><a style=\"color: #3366ff;\" href=\"https:\/\/erhardt-stiefel.de\/wp-content\/gallery\/mittwochsgruppe\/0_Navigation.jpg\" target=\"_blank\" rel=\"noopener noreferrer\">Navigation<\/a> <\/span>&gt; Maus aufs Bild = Anzeige Bildtitel. Klick aufs Bild = gr\u00f6\u00dferes Bild mit Untertitel. Mit Pfeiltasten = weiter und zur\u00fcck navigieren.<br \/>\n<strong>Hinweise<\/strong> zur <a style=\"color: #3366ff;\" href=\"https:\/\/erhardt-stiefel.de\/index.php\/mittwochsgruppe\/bildergalerie\/nggallery\/slideshow\">Diashow<\/a> &gt; Maus aufs Bild = Diashow stoppt, Anzeige Untertitel. Klick aufs Bild = gr\u00f6\u00dferes Bild mit Untertitel. Klick aufs <strong>X<\/strong> = Diashow geht weiter.<br \/>\n<strong>Zeitabschnitte:<\/strong>&nbsp; <span style=\"color: #3366ff;\"><a style=\"color: #3366ff;\" href=\"https:\/\/erhardt-stiefel.de\/index.php\/mittwochsgruppe\/bildergalerie\/nggallery\/page\/1\">2001-2003<\/a><\/span> &#8211; <span style=\"color: #3366ff;\"><a style=\"color: #3366ff;\" href=\"https:\/\/erhardt-stiefel.de\/index.php\/mittwochsgruppe\/bildergalerie\/nggallery\/page\/2\">2003-2005<\/a><\/span> &#8211; <span style=\"color: #3366ff;\"><a style=\"color: #3366ff;\" href=\"https:\/\/erhardt-stiefel.de\/index.php\/mittwochsgruppe\/bildergalerie\/nggallery\/page\/3\">2005-2007<\/a><\/span> &#8211; <span style=\"color: #3366ff;\"><a style=\"color: #3366ff;\" href=\"https:\/\/erhardt-stiefel.de\/index.php\/mittwochsgruppe\/bildergalerie\/nggallery\/page\/4\">2007-2009<\/a><\/span> &#8211;<br \/>\n<a href=\"https:\/\/erhardt-stiefel.de\/index.php\/mittwochsgruppe\/bildergalerie\/nggallery\/page\/5\"><span style=\"color: #0000ff;\">2009-2012<\/span><\/a> &#8211; <span style=\"color: #0000ff;\"><a style=\"color: #0000ff;\" href=\"https:\/\/erhardt-stiefel.de\/index.php\/mittwochsgruppe\/bildergalerie\/nggallery\/page\/6\">2012-2015<\/a><\/span> &#8211; <span style=\"color: #0000ff;\"><a style=\"color: #0000ff;\" href=\"https:\/\/erhardt-stiefel.de\/index.php\/mittwochsgruppe\/bildergalerie\/nggallery\/page\/7\">2015-2018<\/a><\/span> &#8211; <span style=\"color: #0000ff;\"><a style=\"color: #0000ff;\" href=\"https:\/\/erhardt-stiefel.de\/index.php\/mittwochsgruppe\/bildergalerie\/nggallery\/page\/8\">2018-2023<\/a><\/span> &#8211; <a href=\"https:\/\/erhardt-stiefel.de\/index.php\/mittwochsgruppe\/bildergalerie\/nggallery\/page\/9\"><span style=\"color: #0000ff;\">2023-2026<\/span><\/a><\/p>\n<p>&nbsp;<br \/>\n<a id=\"anfang\"><\/a><br \/>\n&nbsp;<\/p>\n<p>&nbsp;<\/p>\nngg_shortcode_0_placeholder\n<p><strong>Zeitabschnitte:<\/strong>&nbsp; <a href=\"https:\/\/erhardt-stiefel.de\/index.php\/mittwochsgruppe\/bildergalerie\/nggallery\/page\/1\"><span style=\"color: #0000ff;\">2001-2003<\/span><\/a> &#8211; <a href=\"https:\/\/erhardt-stiefel.de\/index.php\/mittwochsgruppe\/bildergalerie\/nggallery\/page\/2\"><span style=\"color: #0000ff;\">2003-2005<\/span><\/a> &#8211; <a href=\"https:\/\/erhardt-stiefel.de\/index.php\/mittwochsgruppe\/bildergalerie\/nggallery\/page\/3\"><span style=\"color: #0000ff;\">2005-2007<\/span><\/a> &#8211; <a href=\"https:\/\/erhardt-stiefel.de\/index.php\/mittwochsgruppe\/bildergalerie\/nggallery\/page\/4\"><span style=\"color: #0000ff;\">2007-2009<\/span><\/a> &#8211;<br \/>\n<a href=\"https:\/\/erhardt-stiefel.de\/index.php\/mittwochsgruppe\/bildergalerie\/nggallery\/page\/5\"><span style=\"color: #0000ff;\">2009-2012<\/span><\/a> &#8211; <a href=\"https:\/\/erhardt-stiefel.de\/index.php\/mittwochsgruppe\/bildergalerie\/nggallery\/page\/6\"><span style=\"color: #0000ff;\">2012-2015<\/span><\/a> &#8211; <span style=\"color: #0000ff;\"><a style=\"color: #0000ff;\" href=\"https:\/\/erhardt-stiefel.de\/index.php\/mittwochsgruppe\/bildergalerie\/nggallery\/page\/7\">2015-2018<\/a><\/span> &#8211; <span style=\"color: #0000ff;\"><a style=\"color: #0000ff;\" href=\"https:\/\/erhardt-stiefel.de\/index.php\/mittwochsgruppe\/bildergalerie\/nggallery\/page\/8\">2018-2023<\/a><\/span> &#8211; <a href=\"https:\/\/erhardt-stiefel.de\/index.php\/mittwochsgruppe\/bildergalerie\/nggallery\/page\/9\"><span style=\"color: #0000ff;\">2023-2026<\/span><\/a><\/p>\n<p>&nbsp;<\/p>\n","protected":false},"excerpt":{"rendered":"<p>Copyright \u00a9 2019 by Eugen Hornickel und Erhardt Stiefel Die Bilder in dieser Galerie wurden (mit wenigen Ausnahmen) von Eugen Hornickel selbst fotografiert und d\u00fcrfen nur f\u00fcr Zwecke die im Zusammenhang mit der Mittwochsgruppe stehen und nur mit seiner Genehmigung verwendet werden. Die Bilder wurden mir f\u00fcr diese Publikation pers\u00f6nlich von ihm \u00fcbergeben. Sollte jemand &hellip; <\/p>\n<p class=\"link-more\"><a href=\"https:\/\/erhardt-stiefel.de\/index.php\/mittwochsgruppe\/bildergalerie\/\" class=\"more-link\"><span class=\"screen-reader-text\">\u201eBildergalerie\u201c<\/span> weiterlesen<\/a><\/p>\n","protected":false},"author":1,"featured_media":0,"parent":442,"menu_order":0,"comment_status":"closed","ping_status":"closed","template":"","meta":{"_exactmetrics_skip_tracking":false,"_exactmetrics_sitenote_active":false,"_exactmetrics_sitenote_note":"","_exactmetrics_sitenote_category":0,"ngg_post_thumbnail":0,"jetpack_post_was_ever_published":false,"footnotes":""},"class_list":["post-165","page","type-page","status-publish","hentry"],"yoast_head":"<!-- This site is optimized with the Yoast SEO plugin v27.5 - https:\/\/yoast.com\/product\/yoast-seo-wordpress\/ -->\n<title>Bildergalerie - Erhardt Stiefel&#039;s Fundgrube<\/title>\n<meta name=\"robots\" content=\"index, follow, max-snippet:-1, max-image-preview:large, max-video-preview:-1\" \/>\n<link rel=\"canonical\" href=\"https:\/\/erhardt-stiefel.de\/index.php\/mittwochsgruppe\/bildergalerie\/\" \/>\n<meta property=\"og:locale\" content=\"de_DE\" \/>\n<meta property=\"og:type\" content=\"article\" \/>\n<meta property=\"og:title\" content=\"Bildergalerie - Erhardt Stiefel&#039;s Fundgrube\" \/>\n<meta property=\"og:description\" content=\"Copyright \u00a9 2019 by Eugen Hornickel und Erhardt Stiefel Die Bilder in dieser Galerie wurden (mit wenigen Ausnahmen) von Eugen Hornickel selbst fotografiert und d\u00fcrfen nur f\u00fcr Zwecke die im Zusammenhang mit der Mittwochsgruppe stehen und nur mit seiner Genehmigung verwendet werden. Die Bilder wurden mir f\u00fcr diese Publikation pers\u00f6nlich von ihm \u00fcbergeben. Sollte jemand &hellip; \u201eBildergalerie\u201c weiterlesen\" \/>\n<meta property=\"og:url\" content=\"https:\/\/erhardt-stiefel.de\/index.php\/mittwochsgruppe\/bildergalerie\/\" \/>\n<meta property=\"og:site_name\" content=\"Erhardt Stiefel&#039;s Fundgrube\" \/>\n<meta property=\"article:modified_time\" content=\"2026-02-20T18:15:02+00:00\" \/>\n<meta name=\"twitter:card\" content=\"summary_large_image\" \/>\n<meta name=\"twitter:label1\" content=\"Gesch\u00e4tzte Lesezeit\" \/>\n\t<meta name=\"twitter:data1\" content=\"1\u00a0Minute\" \/>\n<script type=\"application\/ld+json\" class=\"yoast-schema-graph\">{\"@context\":\"https:\\\/\\\/schema.org\",\"@graph\":[{\"@type\":\"WebPage\",\"@id\":\"https:\\\/\\\/erhardt-stiefel.de\\\/index.php\\\/mittwochsgruppe\\\/bildergalerie\\\/\",\"url\":\"https:\\\/\\\/erhardt-stiefel.de\\\/index.php\\\/mittwochsgruppe\\\/bildergalerie\\\/\",\"name\":\"Bildergalerie - Erhardt Stiefel&#039;s Fundgrube\",\"isPartOf\":{\"@id\":\"https:\\\/\\\/erhardt-stiefel.de\\\/#website\"},\"datePublished\":\"2019-04-18T15:43:06+00:00\",\"dateModified\":\"2026-02-20T18:15:02+00:00\",\"breadcrumb\":{\"@id\":\"https:\\\/\\\/erhardt-stiefel.de\\\/index.php\\\/mittwochsgruppe\\\/bildergalerie\\\/#breadcrumb\"},\"inLanguage\":\"de\",\"potentialAction\":[{\"@type\":\"ReadAction\",\"target\":[\"https:\\\/\\\/erhardt-stiefel.de\\\/index.php\\\/mittwochsgruppe\\\/bildergalerie\\\/\"]}]},{\"@type\":\"BreadcrumbList\",\"@id\":\"https:\\\/\\\/erhardt-stiefel.de\\\/index.php\\\/mittwochsgruppe\\\/bildergalerie\\\/#breadcrumb\",\"itemListElement\":[{\"@type\":\"ListItem\",\"position\":1,\"name\":\"Home\",\"item\":\"https:\\\/\\\/erhardt-stiefel.de\\\/\"},{\"@type\":\"ListItem\",\"position\":2,\"name\":\"Mittwochsgruppe\",\"item\":\"https:\\\/\\\/erhardt-stiefel.de\\\/index.php\\\/mittwochsgruppe\\\/\"},{\"@type\":\"ListItem\",\"position\":3,\"name\":\"Bildergalerie\"}]},{\"@type\":\"WebSite\",\"@id\":\"https:\\\/\\\/erhardt-stiefel.de\\\/#website\",\"url\":\"https:\\\/\\\/erhardt-stiefel.de\\\/\",\"name\":\"Erhardt Stiefel&#039;s Fundgrube\",\"description\":\"Erfahrungen mit CMS, Genealogie, Gott und der Welt - die ich sehr gerne mit dir teilen w\u00fcrde\",\"potentialAction\":[{\"@type\":\"SearchAction\",\"target\":{\"@type\":\"EntryPoint\",\"urlTemplate\":\"https:\\\/\\\/erhardt-stiefel.de\\\/?s={search_term_string}\"},\"query-input\":{\"@type\":\"PropertyValueSpecification\",\"valueRequired\":true,\"valueName\":\"search_term_string\"}}],\"inLanguage\":\"de\"}]}<\/script>\n<!-- \/ Yoast SEO plugin. -->","yoast_head_json":{"title":"Bildergalerie - Erhardt Stiefel&#039;s Fundgrube","robots":{"index":"index","follow":"follow","max-snippet":"max-snippet:-1","max-image-preview":"max-image-preview:large","max-video-preview":"max-video-preview:-1"},"canonical":"https:\/\/erhardt-stiefel.de\/index.php\/mittwochsgruppe\/bildergalerie\/","og_locale":"de_DE","og_type":"article","og_title":"Bildergalerie - Erhardt Stiefel&#039;s Fundgrube","og_description":"Copyright \u00a9 2019 by Eugen Hornickel und Erhardt Stiefel Die Bilder in dieser Galerie wurden (mit wenigen Ausnahmen) von Eugen Hornickel selbst fotografiert und d\u00fcrfen nur f\u00fcr Zwecke die im Zusammenhang mit der Mittwochsgruppe stehen und nur mit seiner Genehmigung verwendet werden. Die Bilder wurden mir f\u00fcr diese Publikation pers\u00f6nlich von ihm \u00fcbergeben. Sollte jemand &hellip; \u201eBildergalerie\u201c weiterlesen","og_url":"https:\/\/erhardt-stiefel.de\/index.php\/mittwochsgruppe\/bildergalerie\/","og_site_name":"Erhardt Stiefel&#039;s Fundgrube","article_modified_time":"2026-02-20T18:15:02+00:00","twitter_card":"summary_large_image","twitter_misc":{"Gesch\u00e4tzte Lesezeit":"1\u00a0Minute"},"schema":{"@context":"https:\/\/schema.org","@graph":[{"@type":"WebPage","@id":"https:\/\/erhardt-stiefel.de\/index.php\/mittwochsgruppe\/bildergalerie\/","url":"https:\/\/erhardt-stiefel.de\/index.php\/mittwochsgruppe\/bildergalerie\/","name":"Bildergalerie - Erhardt Stiefel&#039;s Fundgrube","isPartOf":{"@id":"https:\/\/erhardt-stiefel.de\/#website"},"datePublished":"2019-04-18T15:43:06+00:00","dateModified":"2026-02-20T18:15:02+00:00","breadcrumb":{"@id":"https:\/\/erhardt-stiefel.de\/index.php\/mittwochsgruppe\/bildergalerie\/#breadcrumb"},"inLanguage":"de","potentialAction":[{"@type":"ReadAction","target":["https:\/\/erhardt-stiefel.de\/index.php\/mittwochsgruppe\/bildergalerie\/"]}]},{"@type":"BreadcrumbList","@id":"https:\/\/erhardt-stiefel.de\/index.php\/mittwochsgruppe\/bildergalerie\/#breadcrumb","itemListElement":[{"@type":"ListItem","position":1,"name":"Home","item":"https:\/\/erhardt-stiefel.de\/"},{"@type":"ListItem","position":2,"name":"Mittwochsgruppe","item":"https:\/\/erhardt-stiefel.de\/index.php\/mittwochsgruppe\/"},{"@type":"ListItem","position":3,"name":"Bildergalerie"}]},{"@type":"WebSite","@id":"https:\/\/erhardt-stiefel.de\/#website","url":"https:\/\/erhardt-stiefel.de\/","name":"Erhardt Stiefel&#039;s Fundgrube","description":"Erfahrungen mit CMS, Genealogie, Gott und der Welt - die ich sehr gerne mit dir teilen w\u00fcrde","potentialAction":[{"@type":"SearchAction","target":{"@type":"EntryPoint","urlTemplate":"https:\/\/erhardt-stiefel.de\/?s={search_term_string}"},"query-input":{"@type":"PropertyValueSpecification","valueRequired":true,"valueName":"search_term_string"}}],"inLanguage":"de"}]}},"jetpack_sharing_enabled":true,"jetpack_shortlink":"https:\/\/wp.me\/PaRlFh-2F","_links":{"self":[{"href":"https:\/\/erhardt-stiefel.de\/index.php\/wp-json\/wp\/v2\/pages\/165","targetHints":{"allow":["GET"]}}],"collection":[{"href":"https:\/\/erhardt-stiefel.de\/index.php\/wp-json\/wp\/v2\/pages"}],"about":[{"href":"https:\/\/erhardt-stiefel.de\/index.php\/wp-json\/wp\/v2\/types\/page"}],"author":[{"embeddable":true,"href":"https:\/\/erhardt-stiefel.de\/index.php\/wp-json\/wp\/v2\/users\/1"}],"replies":[{"embeddable":true,"href":"https:\/\/erhardt-stiefel.de\/index.php\/wp-json\/wp\/v2\/comments?post=165"}],"version-history":[{"count":62,"href":"https:\/\/erhardt-stiefel.de\/index.php\/wp-json\/wp\/v2\/pages\/165\/revisions"}],"predecessor-version":[{"id":10965,"href":"https:\/\/erhardt-stiefel.de\/index.php\/wp-json\/wp\/v2\/pages\/165\/revisions\/10965"}],"up":[{"embeddable":true,"href":"https:\/\/erhardt-stiefel.de\/index.php\/wp-json\/wp\/v2\/pages\/442"}],"wp:attachment":[{"href":"https:\/\/erhardt-stiefel.de\/index.php\/wp-json\/wp\/v2\/media?parent=165"}],"curies":[{"name":"wp","href":"https:\/\/api.w.org\/{rel}","templated":true}]}}